{"id":366,"date":"2022-01-30T17:34:47","date_gmt":"2022-01-30T17:34:47","guid":{"rendered":"http:\/\/www.firemniodpady.cz\/?page_id=366"},"modified":"2022-01-30T17:34:48","modified_gmt":"2022-01-30T17:34:48","slug":"povinnosti-zhlediska-obalu-v-ramci-eu","status":"publish","type":"page","link":"https:\/\/www.firemniodpady.cz\/index.php\/povinnosti-zhlediska-obalu-v-ramci-eu\/","title":{"rendered":"Povinnosti zhlediska obal\u016f v r\u00e1mci EU"},"content":{"rendered":"\n<p>Syst\u00e9my zalo\u017een\u00e9 k zp\u011btn\u00e9mu odb\u011bru a\u00a0vyu\u017eit\u00ed odpad\u016f z\u00a0obal\u016f  funguj\u00ed v\u00a0\u010dlensk\u00fdch st\u00e1tech EU\u00a0obdobn\u011b jako v\u00a0\u010cR nap\u0159. EKOKOM \u2013 dle Sm\u011brnice Evropsk\u00e9ho parlamentu a\u00a0Rady EU o\u00a0obalech a\u00a0obalov\u00fdch materi\u00e1lech.<\/p>\n\n\n\n<p>Pokud  spole\u010dnost prod\u00e1v\u00e1 sv\u00e9 balen\u00e9 zbo\u017e\u00ed ve\u00a0st\u00e1tech Evropsk\u00e9 unie, m\u00e1 povinnost zajistit zp\u011btn\u00fd odb\u011br a\u00a0vyu\u017eit\u00ed odpad\u016f z\u00a0obal\u016f v dan\u00e9 zemi. N\u011bkter\u00e9 zem\u011b mohou m\u00edt nastaveny minim\u00e1ln\u00ed mno\u017estv\u00ed, od kter\u00e9ho je nutn\u00e9 v\u0161e vykazovat, ale jedn\u00e1 se sp\u00ed\u0161e o v\u00fdjimky ne\u017e pravidlo. V\u011bt\u0161inou je syst\u00e9 nekompromistn\u00ed a by\u0165 do zem\u011b po\u0161lete jednu krabici jste odpov\u011bdni za tento odpad z obalu. Je\u00a0tedy vhodn\u00e9 v\u017edy p\u0159ed v\u00fdvozem zbo\u017e\u00ed zkontrolovat jak\u00e1 pravidla v dan\u00e9 zemi plat\u00ed, zda\u00a0prodejce zbo\u017e\u00ed, kter\u00e9mu dod\u00e1v\u00e1te m\u00e1 smlouvu s\u00a0p\u0159\u00edslu\u0161n\u00fdm syst\u00e9mem Zelen\u00e9ho bodu v\u00a0dan\u00e9 zemi. Pokud tomu tak nen\u00ed, bude\u00a0povinnost\u00ed va\u0161\u00ed spole\u010dnosti tuto smlouvu uzav\u0159\u00edt. V\u011bt\u0161inou plat\u00ed, \u017ee pokud v dan\u00e9 zemi nem\u00e1te s\u00eddlo spole\u010dnosti, etdy nejste usazeni mus\u00edte si zvolit prost\u0159edn\u00edka, kter\u00fd V\u00e1m bude s t\u00edmto pom\u00e1hat. <\/p>\n","protected":false},"excerpt":{"rendered":"<p>Syst\u00e9my zalo\u017een\u00e9 k zp\u011btn\u00e9mu odb\u011bru a\u00a0vyu\u017eit\u00ed odpad\u016f z\u00a0obal\u016f funguj\u00ed v\u00a0\u010dlensk\u00fdch st\u00e1tech EU\u00a0obdobn\u011b jako v\u00a0\u010cR nap\u0159. EKOKOM \u2013 dle Sm\u011brnice Evropsk\u00e9ho parlamentu a\u00a0Rady EU o\u00a0obalech a\u00a0obalov\u00fdch materi\u00e1lech. Pokud spole\u010dnost prod\u00e1v\u00e1 sv\u00e9 balen\u00e9 zbo\u017e\u00ed ve\u00a0st\u00e1tech Evropsk\u00e9 unie, m\u00e1 povinnost zajistit zp\u011btn\u00fd odb\u011br a\u00a0vyu\u017eit\u00ed odpad\u016f z\u00a0obal\u016f v dan\u00e9 zemi. N\u011bkter\u00e9 zem\u011b mohou m\u00edt nastaveny minim\u00e1ln\u00ed mno\u017estv\u00ed, od kter\u00e9ho [&hellip;]<\/p>\n","protected":false},"author":1,"featured_media":0,"parent":0,"menu_order":0,"comment_status":"closed","ping_status":"closed","template":"","meta":{"_monsterinsights_skip_tracking":false,"footnotes":""},"class_list":["post-366","page","type-page","status-publish","hentry"],"_links":{"self":[{"href":"https:\/\/www.firemniodpady.cz\/index.php\/wp-json\/wp\/v2\/pages\/366"}],"collection":[{"href":"https:\/\/www.firemniodpady.cz\/index.php\/wp-json\/wp\/v2\/pages"}],"about":[{"href":"https:\/\/www.firemniodpady.cz\/index.php\/wp-json\/wp\/v2\/types\/page"}],"author":[{"embeddable":true,"href":"https:\/\/www.firemniodpady.cz\/index.php\/wp-json\/wp\/v2\/users\/1"}],"replies":[{"embeddable":true,"href":"https:\/\/www.firemniodpady.cz\/index.php\/wp-json\/wp\/v2\/comments?post=366"}],"version-history":[{"count":1,"href":"https:\/\/www.firemniodpady.cz\/index.php\/wp-json\/wp\/v2\/pages\/366\/revisions"}],"predecessor-version":[{"id":367,"href":"https:\/\/www.firemniodpady.cz\/index.php\/wp-json\/wp\/v2\/pages\/366\/revisions\/367"}],"wp:attachment":[{"href":"https:\/\/www.firemniodpady.cz\/index.php\/wp-json\/wp\/v2\/media?parent=366"}],"curies":[{"name":"wp","href":"https:\/\/api.w.org\/{rel}","templated":true}]}}