{"id":176,"date":"2021-05-26T15:21:04","date_gmt":"2021-05-26T15:21:04","guid":{"rendered":"http:\/\/www.firemniodpady.cz\/?page_id=176"},"modified":"2025-11-14T21:44:41","modified_gmt":"2025-11-14T21:44:41","slug":"clanky","status":"publish","type":"page","link":"https:\/\/www.firemniodpady.cz\/index.php\/clanky\/","title":{"rendered":"\u010cl\u00e1nky"},"content":{"rendered":"\n<hr class=\"wp-block-separator has-css-opacity\"\/>\n\n\n\n<div class=\"wp-block-media-text is-stacked-on-mobile\"><figure class=\"wp-block-media-text__media\"><img loading=\"lazy\" decoding=\"async\" width=\"1024\" height=\"683\" src=\"https:\/\/www.firemniodpady.cz\/wp-content\/uploads\/2025\/11\/A-3D-style-digital-i-1-1024x683.png\" alt=\"\" class=\"wp-image-551 size-full\" srcset=\"https:\/\/www.firemniodpady.cz\/wp-content\/uploads\/2025\/11\/A-3D-style-digital-i-1-1024x683.png 1024w, https:\/\/www.firemniodpady.cz\/wp-content\/uploads\/2025\/11\/A-3D-style-digital-i-1-300x200.png 300w, https:\/\/www.firemniodpady.cz\/wp-content\/uploads\/2025\/11\/A-3D-style-digital-i-1-768x512.png 768w, https:\/\/www.firemniodpady.cz\/wp-content\/uploads\/2025\/11\/A-3D-style-digital-i-1.png 1536w\" sizes=\"(max-width: 1024px) 100vw, 1024px\" \/><\/figure><div class=\"wp-block-media-text__content\">\n<p><a href=\"https:\/\/www.firemniodpady.cz\/index.php\/nemate-prubeznou-evidenci-odpadu-pak-je-tenhle-clanek-prave-pro-vas\/\">Nem\u00e1te pr\u016fb\u011b\u017enou evidenci odpad\u016f? Pak je tenhle \u010dl\u00e1nek pr\u00e1v\u011b pro v\u00e1s<\/a><\/p>\n\n\n\n<p>Zvl\u00e1dnete s n\u00e1mi nejen evidenci odpad\u016f.<\/p>\n<\/div><\/div>\n\n\n\n<hr class=\"wp-block-separator has-alpha-channel-opacity\"\/>\n\n\n\n<div class=\"wp-block-media-text alignwide has-media-on-the-right is-stacked-on-mobile\" style=\"grid-template-columns:auto 45%\"><div class=\"wp-block-media-text__content\">\n<p style=\"font-size:21px\"><a href=\"https:\/\/www.firemniodpady.cz\/index.php\/2024\/07\/21\/stavebni-odpad-a-povinnosti\/\">Stavebn\u00ed odpad a povinnosti<\/a><\/p>\n\n\n\n<p>Z\u00e1kladn\u00ed p\u0159ehled pro stavebn\u00ed \u010dinnost k povinnostem z hlediska nakl\u00e1d\u00e1n\u00ed s odpady.<\/p>\n<\/div><figure class=\"wp-block-media-text__media\"><img loading=\"lazy\" decoding=\"async\" width=\"1024\" height=\"1024\" src=\"https:\/\/www.firemniodpady.cz\/wp-content\/uploads\/2024\/07\/Designer-21-1-1024x1024.jpeg\" alt=\"\" class=\"wp-image-466 size-full\" srcset=\"https:\/\/www.firemniodpady.cz\/wp-content\/uploads\/2024\/07\/Designer-21-1.jpeg 1024w, https:\/\/www.firemniodpady.cz\/wp-content\/uploads\/2024\/07\/Designer-21-1-300x300.jpeg 300w, https:\/\/www.firemniodpady.cz\/wp-content\/uploads\/2024\/07\/Designer-21-1-150x150.jpeg 150w, https:\/\/www.firemniodpady.cz\/wp-content\/uploads\/2024\/07\/Designer-21-1-768x768.jpeg 768w, https:\/\/www.firemniodpady.cz\/wp-content\/uploads\/2024\/07\/Designer-21-1-400x400.jpeg 400w, https:\/\/www.firemniodpady.cz\/wp-content\/uploads\/2024\/07\/Designer-21-1-100x100.jpeg 100w\" sizes=\"(max-width: 1024px) 100vw, 1024px\" \/><\/figure><\/div>\n\n\n\n<hr class=\"wp-block-separator has-css-opacity\"\/>\n\n\n\n<div class=\"wp-block-media-text alignwide is-stacked-on-mobile\"><figure class=\"wp-block-media-text__media\"><img loading=\"lazy\" decoding=\"async\" width=\"1024\" height=\"1024\" src=\"http:\/\/www.firemniodpady.cz\/wp-content\/uploads\/2024\/07\/Designer-16-1024x1024.jpeg\" alt=\"\" class=\"wp-image-450 size-full\" srcset=\"https:\/\/www.firemniodpady.cz\/wp-content\/uploads\/2024\/07\/Designer-16.jpeg 1024w, https:\/\/www.firemniodpady.cz\/wp-content\/uploads\/2024\/07\/Designer-16-300x300.jpeg 300w, https:\/\/www.firemniodpady.cz\/wp-content\/uploads\/2024\/07\/Designer-16-150x150.jpeg 150w, https:\/\/www.firemniodpady.cz\/wp-content\/uploads\/2024\/07\/Designer-16-768x768.jpeg 768w, https:\/\/www.firemniodpady.cz\/wp-content\/uploads\/2024\/07\/Designer-16-400x400.jpeg 400w, https:\/\/www.firemniodpady.cz\/wp-content\/uploads\/2024\/07\/Designer-16-100x100.jpeg 100w\" sizes=\"(max-width: 1024px) 100vw, 1024px\" \/><\/figure><div class=\"wp-block-media-text__content\">\n<p style=\"font-size:21px\"><a href=\"https:\/\/www.firemniodpady.cz\/index.php\/2024\/07\/12\/mobilni-zarizeni-ke-sberu-odpadu\/\">Mobiln\u00ed za\u0159\u00edzen\u00ed ke sb\u011bru odpad\u016f<\/a><\/p>\n\n\n\n<p>Z\u00e1kladn\u00ed informace pro mobiln\u00ed sb\u011br odpad\u016f (z\u0159\u00edzen\u00ed opr\u00e1vn\u011bn\u00ed, povinnosti,&#8230;)<\/p>\n<\/div><\/div>\n\n\n\n<hr class=\"wp-block-separator has-css-opacity\"\/>\n\n\n\n<div class=\"wp-block-media-text alignwide has-media-on-the-right is-stacked-on-mobile\"><div class=\"wp-block-media-text__content\">\n<p style=\"font-size:21px\"><a href=\"https:\/\/www.firemniodpady.cz\/index.php\/2024\/07\/12\/odpadovy-hospodar-podnikovy-ekolog\/\">Odpadov\u00fd hospod\u00e1\u0159 \/ podnikov\u00fd ekolog<\/a><\/p>\n\n\n\n<p>Z\u00e1kladn\u00ed informace pro pr\u00e1ci specialisty na enviroment\u00e1ln\u00ed oblast a sm\u011b\u0159ov\u00e1n\u00ed &#8230;<\/p>\n<\/div><figure class=\"wp-block-media-text__media\"><img loading=\"lazy\" decoding=\"async\" width=\"1024\" height=\"1024\" src=\"http:\/\/www.firemniodpady.cz\/wp-content\/uploads\/2024\/07\/Designer-12-1024x1024.jpeg\" alt=\"\" class=\"wp-image-448 size-full\" srcset=\"https:\/\/www.firemniodpady.cz\/wp-content\/uploads\/2024\/07\/Designer-12.jpeg 1024w, https:\/\/www.firemniodpady.cz\/wp-content\/uploads\/2024\/07\/Designer-12-300x300.jpeg 300w, https:\/\/www.firemniodpady.cz\/wp-content\/uploads\/2024\/07\/Designer-12-150x150.jpeg 150w, https:\/\/www.firemniodpady.cz\/wp-content\/uploads\/2024\/07\/Designer-12-768x768.jpeg 768w, https:\/\/www.firemniodpady.cz\/wp-content\/uploads\/2024\/07\/Designer-12-400x400.jpeg 400w, https:\/\/www.firemniodpady.cz\/wp-content\/uploads\/2024\/07\/Designer-12-100x100.jpeg 100w\" sizes=\"(max-width: 1024px) 100vw, 1024px\" \/><\/figure><\/div>\n\n\n\n<hr class=\"wp-block-separator has-css-opacity\"\/>\n\n\n\n<div class=\"wp-block-media-text alignwide is-stacked-on-mobile\"><figure class=\"wp-block-media-text__media\"><img loading=\"lazy\" decoding=\"async\" width=\"1024\" height=\"1024\" src=\"https:\/\/www.firemniodpady.cz\/wp-content\/uploads\/2024\/06\/Designer-6-1024x1024.jpeg\" alt=\"\" class=\"wp-image-416 size-full\" srcset=\"https:\/\/www.firemniodpady.cz\/wp-content\/uploads\/2024\/06\/Designer-6.jpeg 1024w, https:\/\/www.firemniodpady.cz\/wp-content\/uploads\/2024\/06\/Designer-6-300x300.jpeg 300w, https:\/\/www.firemniodpady.cz\/wp-content\/uploads\/2024\/06\/Designer-6-150x150.jpeg 150w, https:\/\/www.firemniodpady.cz\/wp-content\/uploads\/2024\/06\/Designer-6-768x768.jpeg 768w, https:\/\/www.firemniodpady.cz\/wp-content\/uploads\/2024\/06\/Designer-6-400x400.jpeg 400w, https:\/\/www.firemniodpady.cz\/wp-content\/uploads\/2024\/06\/Designer-6-100x100.jpeg 100w\" sizes=\"(max-width: 1024px) 100vw, 1024px\" \/><\/figure><div class=\"wp-block-media-text__content\">\n<p class=\"has-medium-font-size\"><a href=\"https:\/\/www.firemniodpady.cz\/index.php\/uvod-do-esg\/\" data-type=\"URL\" data-id=\"https:\/\/www.firemniodpady.cz\/index.php\/uvod-do-esg\/\">\u00davod do ESG<\/a><\/p>\n\n\n\n<p>ESG (Environmental, Social, and Governance) je r\u00e1mec nefinan\u010dn\u00edho reportingu, kter\u00fd zohled\u0148uje environment\u00e1ln\u00ed, soci\u00e1ln\u00ed a spr\u00e1vn\u00ed faktory v hodnocen\u00ed firem&#8230;<\/p>\n<\/div><\/div>\n\n\n\n<hr class=\"wp-block-separator has-css-opacity\"\/>\n\n\n\n<div class=\"wp-block-media-text alignwide has-media-on-the-right is-stacked-on-mobile\"><div class=\"wp-block-media-text__content\">\n<p class=\"has-medium-font-size\"><a href=\"https:\/\/www.firemniodpady.cz\/index.php\/evidence-odpadu-2024\/\">Evidence odpad\u016f 2024 <\/a><\/p>\n\n\n\n<p>Pot\u0159ebujete \u0159e\u0161it evidenci odpad\u016f? konzultace a vzor zdarma&#8230;<\/p>\n<\/div><figure class=\"wp-block-media-text__media\"><img loading=\"lazy\" decoding=\"async\" width=\"1024\" height=\"768\" src=\"http:\/\/www.firemniodpady.cz\/wp-content\/uploads\/2021\/03\/4A51655D-DA20-4503-9914-ABB58E31DF3D-2-1024x768.jpeg\" alt=\"\" class=\"wp-image-12 size-full\" srcset=\"https:\/\/www.firemniodpady.cz\/wp-content\/uploads\/2021\/03\/4A51655D-DA20-4503-9914-ABB58E31DF3D-2-1024x768.jpeg 1024w, https:\/\/www.firemniodpady.cz\/wp-content\/uploads\/2021\/03\/4A51655D-DA20-4503-9914-ABB58E31DF3D-2-300x225.jpeg 300w, https:\/\/www.firemniodpady.cz\/wp-content\/uploads\/2021\/03\/4A51655D-DA20-4503-9914-ABB58E31DF3D-2-768x576.jpeg 768w, https:\/\/www.firemniodpady.cz\/wp-content\/uploads\/2021\/03\/4A51655D-DA20-4503-9914-ABB58E31DF3D-2-1536x1152.jpeg 1536w, https:\/\/www.firemniodpady.cz\/wp-content\/uploads\/2021\/03\/4A51655D-DA20-4503-9914-ABB58E31DF3D-2-2048x1536.jpeg 2048w\" sizes=\"(max-width: 1024px) 100vw, 1024px\" \/><\/figure><\/div>\n\n\n\n<hr class=\"wp-block-separator has-css-opacity\"\/>\n\n\n\n<div class=\"wp-block-media-text alignwide is-stacked-on-mobile\" style=\"grid-template-columns:40% auto\"><figure class=\"wp-block-media-text__media\"><img loading=\"lazy\" decoding=\"async\" width=\"1024\" height=\"682\" src=\"https:\/\/www.firemniodpady.cz\/wp-content\/uploads\/2022\/01\/box-gce82805c8_1280-1024x682.jpg\" alt=\"\" class=\"wp-image-368 size-full\" srcset=\"https:\/\/www.firemniodpady.cz\/wp-content\/uploads\/2022\/01\/box-gce82805c8_1280-1024x682.jpg 1024w, https:\/\/www.firemniodpady.cz\/wp-content\/uploads\/2022\/01\/box-gce82805c8_1280-300x200.jpg 300w, https:\/\/www.firemniodpady.cz\/wp-content\/uploads\/2022\/01\/box-gce82805c8_1280-768x512.jpg 768w, https:\/\/www.firemniodpady.cz\/wp-content\/uploads\/2022\/01\/box-gce82805c8_1280.jpg 1280w\" sizes=\"(max-width: 1024px) 100vw, 1024px\" \/><\/figure><div class=\"wp-block-media-text__content\">\n<p class=\"has-medium-font-size\"><a href=\"https:\/\/www.firemniodpady.cz\/index.php\/povinnosti-zhlediska-obalu-v-ramci-eu\/\">Povinnosti zhlediska z\u00e1kona o obalech v r\u00e1mci EU<\/a><\/p>\n\n\n\n<p>M\u00e1te v\u00fdrobu, e-shop nebo ob\u010das zas\u00edl\u00e1te zbo\u017e\u00ed v EU? tak pozor na obaly.<\/p>\n<\/div><\/div>\n\n\n\n<hr class=\"wp-block-separator has-css-opacity\"\/>\n\n\n\n<div class=\"wp-block-media-text alignwide has-media-on-the-right is-stacked-on-mobile\" style=\"grid-template-columns:auto 33%\"><div class=\"wp-block-media-text__content\">\n<p class=\"has-medium-font-size\"><a href=\"https:\/\/www.firemniodpady.cz\/index.php\/povinnosti-vyrobcu-elektrozarizeni-v-ramci-evropske-unie\/\">Povinnosti v\u00fdrobc\u016f elektroza\u0159\u00edzen\u00ed<\/a><\/p>\n\n\n\n<p>Vyr\u00e1b\u00edte elektroza\u0159\u00edzen\u00ed a\u0165 u\u017e jen v r\u00e1mci \u010cR, pravidla jsou v EU stejn\u00e1.<\/p>\n<\/div><figure class=\"wp-block-media-text__media\"><img loading=\"lazy\" decoding=\"async\" width=\"1024\" height=\"768\" src=\"https:\/\/www.firemniodpady.cz\/wp-content\/uploads\/2022\/01\/recycling-g10ce1d8c4_1280-1024x768.jpg\" alt=\"\" class=\"wp-image-360 size-full\" srcset=\"https:\/\/www.firemniodpady.cz\/wp-content\/uploads\/2022\/01\/recycling-g10ce1d8c4_1280-1024x768.jpg 1024w, https:\/\/www.firemniodpady.cz\/wp-content\/uploads\/2022\/01\/recycling-g10ce1d8c4_1280-300x225.jpg 300w, https:\/\/www.firemniodpady.cz\/wp-content\/uploads\/2022\/01\/recycling-g10ce1d8c4_1280-768x576.jpg 768w, https:\/\/www.firemniodpady.cz\/wp-content\/uploads\/2022\/01\/recycling-g10ce1d8c4_1280.jpg 1280w\" sizes=\"(max-width: 1024px) 100vw, 1024px\" \/><\/figure><\/div>\n\n\n\n<hr class=\"wp-block-separator has-css-opacity\"\/>\n\n\n\n<div class=\"wp-block-media-text alignwide is-stacked-on-mobile\" style=\"grid-template-columns:39% auto\"><figure class=\"wp-block-media-text__media\"><img loading=\"lazy\" decoding=\"async\" width=\"1024\" height=\"682\" src=\"https:\/\/www.firemniodpady.cz\/wp-content\/uploads\/2021\/09\/meeting-2189801_1280-1-1024x682.jpg\" alt=\"\" class=\"wp-image-317 size-full\" srcset=\"https:\/\/www.firemniodpady.cz\/wp-content\/uploads\/2021\/09\/meeting-2189801_1280-1-1024x682.jpg 1024w, https:\/\/www.firemniodpady.cz\/wp-content\/uploads\/2021\/09\/meeting-2189801_1280-1-300x200.jpg 300w, https:\/\/www.firemniodpady.cz\/wp-content\/uploads\/2021\/09\/meeting-2189801_1280-1-768x512.jpg 768w, https:\/\/www.firemniodpady.cz\/wp-content\/uploads\/2021\/09\/meeting-2189801_1280-1.jpg 1280w\" sizes=\"(max-width: 1024px) 100vw, 1024px\" \/><\/figure><div class=\"wp-block-media-text__content\">\n<p class=\"has-medium-font-size\"><a href=\"https:\/\/www.firemniodpady.cz\/index.php\/rocni-hlaseni-o-odpadech\/\">Ro\u010dn\u00ed hl\u00e1\u0161en\u00ed o odpadech<\/a><\/p>\n\n\n\n<p>Co se aktu\u00e1ln\u011b \u0159e\u0161\u00ed, kdy\u017e se \u0159ekne &#8222;Ro\u010dn\u00ed hl\u00e1\u0161en\u00ed o odpadech&#8220;<\/p>\n<\/div><\/div>\n\n\n\n<hr class=\"wp-block-separator has-css-opacity\"\/>\n\n\n\n<div class=\"wp-block-media-text alignwide has-media-on-the-right is-stacked-on-mobile\" style=\"grid-template-columns:auto 31%\"><div class=\"wp-block-media-text__content\">\n<p class=\"has-medium-font-size\"><a href=\"https:\/\/www.firemniodpady.cz\/index.php\/nova-vyhlaska-o-podrobnostech-nakladani-s-odpady\/\">Nov\u00e1 vyhl\u00e1\u0161ka o podrobnostech nakl\u00e1d\u00e1n\u00ed s dopady<\/a><\/p>\n\n\n\n<p>Od srpna 2021 m\u00e1me v platnosti novou vyhl\u00e1\u0161ku k odpadov\u00e9mu z\u00e1konu.<\/p>\n<\/div><figure class=\"wp-block-media-text__media\"><img loading=\"lazy\" decoding=\"async\" width=\"1024\" height=\"1024\" src=\"http:\/\/www.firemniodpady.cz\/wp-content\/uploads\/2021\/05\/clause-684509_1280-1024x1024.jpg\" alt=\"\" class=\"wp-image-156 size-full\" srcset=\"https:\/\/www.firemniodpady.cz\/wp-content\/uploads\/2021\/05\/clause-684509_1280-1024x1024.jpg 1024w, https:\/\/www.firemniodpady.cz\/wp-content\/uploads\/2021\/05\/clause-684509_1280-300x300.jpg 300w, https:\/\/www.firemniodpady.cz\/wp-content\/uploads\/2021\/05\/clause-684509_1280-150x150.jpg 150w, https:\/\/www.firemniodpady.cz\/wp-content\/uploads\/2021\/05\/clause-684509_1280-768x768.jpg 768w, https:\/\/www.firemniodpady.cz\/wp-content\/uploads\/2021\/05\/clause-684509_1280-400x400.jpg 400w, https:\/\/www.firemniodpady.cz\/wp-content\/uploads\/2021\/05\/clause-684509_1280-100x100.jpg 100w, https:\/\/www.firemniodpady.cz\/wp-content\/uploads\/2021\/05\/clause-684509_1280.jpg 1280w\" sizes=\"(max-width: 1024px) 100vw, 1024px\" \/><\/figure><\/div>\n\n\n\n<hr class=\"wp-block-separator has-css-opacity\"\/>\n\n\n\n<div class=\"wp-block-media-text alignwide is-stacked-on-mobile\" style=\"grid-template-columns:38% auto\"><figure class=\"wp-block-media-text__media\"><img loading=\"lazy\" decoding=\"async\" width=\"1024\" height=\"682\" src=\"http:\/\/www.firemniodpady.cz\/wp-content\/uploads\/2021\/06\/trash-2497056_1280-1024x682.jpg\" alt=\"\" class=\"wp-image-237 size-full\" srcset=\"https:\/\/www.firemniodpady.cz\/wp-content\/uploads\/2021\/06\/trash-2497056_1280-1024x682.jpg 1024w, https:\/\/www.firemniodpady.cz\/wp-content\/uploads\/2021\/06\/trash-2497056_1280-300x200.jpg 300w, https:\/\/www.firemniodpady.cz\/wp-content\/uploads\/2021\/06\/trash-2497056_1280-768x512.jpg 768w, https:\/\/www.firemniodpady.cz\/wp-content\/uploads\/2021\/06\/trash-2497056_1280.jpg 1280w\" sizes=\"(max-width: 1024px) 100vw, 1024px\" \/><\/figure><div class=\"wp-block-media-text__content\">\n<p class=\"has-medium-font-size\"><a href=\"https:\/\/www.firemniodpady.cz\/index.php\/2021\/06\/11\/zivnostensky-odpad\/\">\u017divnostensk\u00fd odpad<\/a><\/p>\n\n\n\n<p>V\u00edte na co si d\u00e1t pozor p\u0159i nakl\u00e1d\u00e1n\u00ed s odpadem p\u0159i podnik\u00e1n\u00ed?<\/p>\n<\/div><\/div>\n\n\n\n<hr class=\"wp-block-separator has-css-opacity\"\/>\n\n\n\n<div class=\"wp-block-media-text alignwide has-media-on-the-right is-stacked-on-mobile\" style=\"grid-template-columns:auto 39%\"><div class=\"wp-block-media-text__content\">\n<p class=\"has-medium-font-size\"><a href=\"https:\/\/www.firemniodpady.cz\/index.php\/2021\/06\/03\/prestupky-puvodce-odpadu\/\">P\u0159estupky p\u016fvodce odpadu<\/a><\/p>\n\n\n\n<p>Pokud se seznamujete se z\u00e1kone o odpadech je dobr\u00e9 zn\u00e1t za co jsou ud\u011blov\u00e1ny sankce.<\/p>\n<\/div><figure class=\"wp-block-media-text__media\"><img loading=\"lazy\" decoding=\"async\" width=\"1024\" height=\"648\" src=\"https:\/\/www.firemniodpady.cz\/wp-content\/uploads\/2021\/06\/handcuffs-2202224_1280-2-1024x648.jpg\" alt=\"\" class=\"wp-image-224 size-full\" srcset=\"https:\/\/www.firemniodpady.cz\/wp-content\/uploads\/2021\/06\/handcuffs-2202224_1280-2-1024x648.jpg 1024w, https:\/\/www.firemniodpady.cz\/wp-content\/uploads\/2021\/06\/handcuffs-2202224_1280-2-300x190.jpg 300w, https:\/\/www.firemniodpady.cz\/wp-content\/uploads\/2021\/06\/handcuffs-2202224_1280-2-768x486.jpg 768w, https:\/\/www.firemniodpady.cz\/wp-content\/uploads\/2021\/06\/handcuffs-2202224_1280-2.jpg 1280w\" sizes=\"(max-width: 1024px) 100vw, 1024px\" \/><\/figure><\/div>\n\n\n\n<hr class=\"wp-block-separator has-css-opacity\"\/>\n\n\n\n<div class=\"wp-block-media-text alignwide is-stacked-on-mobile\" style=\"grid-template-columns:36% auto\"><figure class=\"wp-block-media-text__media\"><img loading=\"lazy\" decoding=\"async\" width=\"1024\" height=\"683\" src=\"http:\/\/www.firemniodpady.cz\/wp-content\/uploads\/2021\/03\/rubbish-143465_1920-1024x683.jpg\" alt=\"\" class=\"wp-image-6 size-full\" srcset=\"https:\/\/www.firemniodpady.cz\/wp-content\/uploads\/2021\/03\/rubbish-143465_1920-1024x683.jpg 1024w, https:\/\/www.firemniodpady.cz\/wp-content\/uploads\/2021\/03\/rubbish-143465_1920-300x200.jpg 300w, https:\/\/www.firemniodpady.cz\/wp-content\/uploads\/2021\/03\/rubbish-143465_1920-768x512.jpg 768w, https:\/\/www.firemniodpady.cz\/wp-content\/uploads\/2021\/03\/rubbish-143465_1920-1536x1024.jpg 1536w, https:\/\/www.firemniodpady.cz\/wp-content\/uploads\/2021\/03\/rubbish-143465_1920.jpg 1920w\" sizes=\"(max-width: 1024px) 100vw, 1024px\" \/><\/figure><div class=\"wp-block-media-text__content\">\n<p class=\"has-medium-font-size\"><a href=\"https:\/\/www.firemniodpady.cz\/index.php\/2021\/05\/31\/mobilni-zarizeni-ke-sberu-odpadu-a-puvodce-odpadu\/\">Mobiln\u00ed za\u0159\u00edzen\u00ed ke sb\u011bru odpadu a p\u016fvodce odpadu<\/a><\/p>\n\n\n\n<p>P\u0159ed\u00e1v\u00e1n\u00ed odpadu p\u0159es mobiln\u00ed za\u0159\u00edzen\u00ed ke sb\u011bru odpadu.<\/p>\n<\/div><\/div>\n\n\n\n<hr class=\"wp-block-separator has-css-opacity\"\/>\n\n\n\n<div class=\"wp-block-media-text alignwide has-media-on-the-right is-stacked-on-mobile\" style=\"grid-template-columns:auto 37%\"><div class=\"wp-block-media-text__content\">\n<p class=\"has-medium-font-size\"><a href=\"https:\/\/www.firemniodpady.cz\/index.php\/2021\/05\/19\/katalog-odpadu-2021\/\">Katalog odpad\u016f 2021<\/a><\/p>\n\n\n\n<p>Jak za\u0159azovat odpady a kde naj\u00edt jejich \u010d\u00edsla najdete stru\u010dn\u011b v tomto \u010dl\u00e1nku.<\/p>\n<\/div><figure class=\"wp-block-media-text__media\"><img loading=\"lazy\" decoding=\"async\" width=\"1024\" height=\"682\" src=\"http:\/\/www.firemniodpady.cz\/wp-content\/uploads\/2021\/05\/mulltonnen-3979757_1280-1024x682.jpg\" alt=\"\" class=\"wp-image-174 size-full\" srcset=\"https:\/\/www.firemniodpady.cz\/wp-content\/uploads\/2021\/05\/mulltonnen-3979757_1280-1024x682.jpg 1024w, https:\/\/www.firemniodpady.cz\/wp-content\/uploads\/2021\/05\/mulltonnen-3979757_1280-300x200.jpg 300w, https:\/\/www.firemniodpady.cz\/wp-content\/uploads\/2021\/05\/mulltonnen-3979757_1280-768x512.jpg 768w, https:\/\/www.firemniodpady.cz\/wp-content\/uploads\/2021\/05\/mulltonnen-3979757_1280.jpg 1280w\" sizes=\"(max-width: 1024px) 100vw, 1024px\" \/><\/figure><\/div>\n\n\n\n<hr class=\"wp-block-separator has-css-opacity\"\/>\n\n\n\n<div class=\"wp-block-media-text alignwide is-stacked-on-mobile\" style=\"grid-template-columns:36% auto\"><figure class=\"wp-block-media-text__media\"><img loading=\"lazy\" decoding=\"async\" width=\"1024\" height=\"1024\" src=\"http:\/\/www.firemniodpady.cz\/wp-content\/uploads\/2021\/05\/clause-684509_1280-1024x1024.jpg\" alt=\"\" class=\"wp-image-156 size-full\" srcset=\"https:\/\/www.firemniodpady.cz\/wp-content\/uploads\/2021\/05\/clause-684509_1280-1024x1024.jpg 1024w, https:\/\/www.firemniodpady.cz\/wp-content\/uploads\/2021\/05\/clause-684509_1280-300x300.jpg 300w, https:\/\/www.firemniodpady.cz\/wp-content\/uploads\/2021\/05\/clause-684509_1280-150x150.jpg 150w, https:\/\/www.firemniodpady.cz\/wp-content\/uploads\/2021\/05\/clause-684509_1280-768x768.jpg 768w, https:\/\/www.firemniodpady.cz\/wp-content\/uploads\/2021\/05\/clause-684509_1280-400x400.jpg 400w, https:\/\/www.firemniodpady.cz\/wp-content\/uploads\/2021\/05\/clause-684509_1280-100x100.jpg 100w, https:\/\/www.firemniodpady.cz\/wp-content\/uploads\/2021\/05\/clause-684509_1280.jpg 1280w\" sizes=\"(max-width: 1024px) 100vw, 1024px\" \/><\/figure><div class=\"wp-block-media-text__content\">\n<p class=\"has-medium-font-size\"><a href=\"https:\/\/www.firemniodpady.cz\/index.php\/2021\/05\/13\/novy-zakon-o-odpadech\/\">Nov\u00fd z\u00e1kon o odpadech<\/a><\/p>\n\n\n\n<p>P\u00e1r informac\u00ed k legislativn\u00ed zm\u011bn\u00e1m v odpadov\u00e9m hospod\u00e1\u0159stv\u00ed a nov\u00e9mu z\u00e1konu o odpadech.<\/p>\n<\/div><\/div>\n\n\n\n<hr class=\"wp-block-separator has-css-opacity\"\/>\n\n\n\n<div class=\"wp-block-media-text alignwide has-media-on-the-right is-vertically-aligned-top is-stacked-on-mobile\" style=\"grid-template-columns:auto 36%\"><div class=\"wp-block-media-text__content\">\n<p class=\"has-medium-font-size\"><a href=\"https:\/\/www.firemniodpady.cz\/index.php\/2021\/04\/30\/rocni-hlaseni-o-odpadech-za-rok-2020\/\">Ro\u010dn\u00ed hl\u00e1\u0161en\u00ed o odpadech 2020<\/a><\/p>\n\n\n\n<p>Informace o pod\u00e1n\u00fdch ro\u010dn\u00edch hl\u00e1\u0161en\u00ed za rok 2020. <\/p>\n<\/div><figure class=\"wp-block-media-text__media\"><img loading=\"lazy\" decoding=\"async\" width=\"1024\" height=\"768\" src=\"http:\/\/www.firemniodpady.cz\/wp-content\/uploads\/2021\/03\/4A51655D-DA20-4503-9914-ABB58E31DF3D-2-1024x768.jpeg\" alt=\"\" class=\"wp-image-12 size-full\" srcset=\"https:\/\/www.firemniodpady.cz\/wp-content\/uploads\/2021\/03\/4A51655D-DA20-4503-9914-ABB58E31DF3D-2-1024x768.jpeg 1024w, https:\/\/www.firemniodpady.cz\/wp-content\/uploads\/2021\/03\/4A51655D-DA20-4503-9914-ABB58E31DF3D-2-300x225.jpeg 300w, https:\/\/www.firemniodpady.cz\/wp-content\/uploads\/2021\/03\/4A51655D-DA20-4503-9914-ABB58E31DF3D-2-768x576.jpeg 768w, https:\/\/www.firemniodpady.cz\/wp-content\/uploads\/2021\/03\/4A51655D-DA20-4503-9914-ABB58E31DF3D-2-1536x1152.jpeg 1536w, https:\/\/www.firemniodpady.cz\/wp-content\/uploads\/2021\/03\/4A51655D-DA20-4503-9914-ABB58E31DF3D-2-2048x1536.jpeg 2048w\" sizes=\"(max-width: 1024px) 100vw, 1024px\" \/><\/figure><\/div>\n\n\n\n<hr class=\"wp-block-separator has-css-opacity\"\/>\n\n\n\n<div class=\"wp-block-media-text alignwide is-stacked-on-mobile\" style=\"grid-template-columns:36% auto\"><figure class=\"wp-block-media-text__media\"><img loading=\"lazy\" decoding=\"async\" width=\"1024\" height=\"768\" src=\"http:\/\/www.firemniodpady.cz\/wp-content\/uploads\/2021\/03\/4A51655D-DA20-4503-9914-ABB58E31DF3D-2-1024x768.jpeg\" alt=\"\" class=\"wp-image-12 size-full\" srcset=\"https:\/\/www.firemniodpady.cz\/wp-content\/uploads\/2021\/03\/4A51655D-DA20-4503-9914-ABB58E31DF3D-2-1024x768.jpeg 1024w, https:\/\/www.firemniodpady.cz\/wp-content\/uploads\/2021\/03\/4A51655D-DA20-4503-9914-ABB58E31DF3D-2-300x225.jpeg 300w, https:\/\/www.firemniodpady.cz\/wp-content\/uploads\/2021\/03\/4A51655D-DA20-4503-9914-ABB58E31DF3D-2-768x576.jpeg 768w, https:\/\/www.firemniodpady.cz\/wp-content\/uploads\/2021\/03\/4A51655D-DA20-4503-9914-ABB58E31DF3D-2-1536x1152.jpeg 1536w, https:\/\/www.firemniodpady.cz\/wp-content\/uploads\/2021\/03\/4A51655D-DA20-4503-9914-ABB58E31DF3D-2-2048x1536.jpeg 2048w\" sizes=\"(max-width: 1024px) 100vw, 1024px\" \/><\/figure><div class=\"wp-block-media-text__content\">\n<p class=\"has-medium-font-size\"><a href=\"https:\/\/www.firemniodpady.cz\/index.php\/2021\/04\/21\/evidence-odpadu\/\">Evidence odpad\u016f<\/a><\/p>\n\n\n\n<p>Nev\u00edte jan na evidenci odpad\u016f? Nebo pot\u0159ebujete vzor. Zde najdete pot\u0159ebn\u00e9 informace &#8230;&#8230;&#8230;.<\/p>\n<\/div><\/div>\n\n\n\n<hr class=\"wp-block-separator has-css-opacity\"\/>\n","protected":false},"excerpt":{"rendered":"<p>Nem\u00e1te pr\u016fb\u011b\u017enou evidenci odpad\u016f? Pak je tenhle \u010dl\u00e1nek pr\u00e1v\u011b pro v\u00e1s Zvl\u00e1dnete s n\u00e1mi nejen evidenci odpad\u016f. Stavebn\u00ed odpad a povinnosti Z\u00e1kladn\u00ed p\u0159ehled pro stavebn\u00ed \u010dinnost k povinnostem z hlediska nakl\u00e1d\u00e1n\u00ed s odpady. Mobiln\u00ed za\u0159\u00edzen\u00ed ke sb\u011bru odpad\u016f Z\u00e1kladn\u00ed informace pro mobiln\u00ed sb\u011br odpad\u016f (z\u0159\u00edzen\u00ed opr\u00e1vn\u011bn\u00ed, povinnosti,&#8230;) Odpadov\u00fd hospod\u00e1\u0159 \/ podnikov\u00fd ekolog Z\u00e1kladn\u00ed informace pro [&hellip;]<\/p>\n","protected":false},"author":1,"featured_media":0,"parent":0,"menu_order":0,"comment_status":"closed","ping_status":"closed","template":"","meta":{"_monsterinsights_skip_tracking":false,"footnotes":""},"class_list":["post-176","page","type-page","status-publish","hentry"],"_links":{"self":[{"href":"https:\/\/www.firemniodpady.cz\/index.php\/wp-json\/wp\/v2\/pages\/176"}],"collection":[{"href":"https:\/\/www.firemniodpady.cz\/index.php\/wp-json\/wp\/v2\/pages"}],"about":[{"href":"https:\/\/www.firemniodpady.cz\/index.php\/wp-json\/wp\/v2\/types\/page"}],"author":[{"embeddable":true,"href":"https:\/\/www.firemniodpady.cz\/index.php\/wp-json\/wp\/v2\/users\/1"}],"replies":[{"embeddable":true,"href":"https:\/\/www.firemniodpady.cz\/index.php\/wp-json\/wp\/v2\/comments?post=176"}],"version-history":[{"count":31,"href":"https:\/\/www.firemniodpady.cz\/index.php\/wp-json\/wp\/v2\/pages\/176\/revisions"}],"predecessor-version":[{"id":552,"href":"https:\/\/www.firemniodpady.cz\/index.php\/wp-json\/wp\/v2\/pages\/176\/revisions\/552"}],"wp:attachment":[{"href":"https:\/\/www.firemniodpady.cz\/index.php\/wp-json\/wp\/v2\/media?parent=176"}],"curies":[{"name":"wp","href":"https:\/\/api.w.org\/{rel}","templated":true}]}}